{"id":5252,"date":"2025-05-21T12:31:24","date_gmt":"2025-05-21T10:31:24","guid":{"rendered":"https:\/\/sotahuuto.fi\/?page_id=5252"},"modified":"2025-05-21T12:34:42","modified_gmt":"2025-05-21T10:34:42","slug":"tapahtui-aiemmissa-jaksoissa","status":"publish","type":"page","link":"https:\/\/sotahuuto.fi\/en\/tapahtui-aiemmissa-jaksoissa\/","title":{"rendered":"Tapahtui aiemmissa jaksoissa"},"content":{"rendered":"<div data-elementor-type=\"wp-page\" data-elementor-id=\"5252\" class=\"elementor elementor-5252\">\n\t\t\t\t\t\t<section class=\"elementor-section elementor-top-section elementor-element elementor-element-406ff85 elementor-section-boxed elementor-section-height-default elementor-section-height-default\" data-id=\"406ff85\" data-element_type=\"section\">\n\t\t\t\t\t\t<div class=\"elementor-container elementor-column-gap-default\">\n\t\t\t\t\t<div class=\"elementor-column elementor-col-100 elementor-top-column elementor-element elementor-element-c43b914\" data-id=\"c43b914\" data-element_type=\"column\">\n\t\t\t<div class=\"elementor-widget-wrap elementor-element-populated\">\n\t\t\t\t\t\t<div class=\"elementor-element elementor-element-f3d6324 elementor-widget elementor-widget-heading\" data-id=\"f3d6324\" data-element_type=\"widget\" data-widget_type=\"heading.default\">\n\t\t\t\t<div class=\"elementor-widget-container\">\n\t\t\t\t\t<h2 class=\"elementor-heading-title elementor-size-default\">Tanskalainen Englannin valtaistuimelle (978\u20131016)<\/h2>\t\t\t\t<\/div>\n\t\t\t\t<\/div>\n\t\t\t\t\t<\/div>\n\t\t<\/div>\n\t\t\t\t\t<\/div>\n\t\t<\/section>\n\t\t\t\t<section class=\"elementor-section elementor-top-section elementor-element elementor-element-b7b1bdf elementor-section-boxed elementor-section-height-default elementor-section-height-default\" data-id=\"b7b1bdf\" data-element_type=\"section\">\n\t\t\t\t\t\t<div class=\"elementor-container elementor-column-gap-default\">\n\t\t\t\t\t<div class=\"elementor-column elementor-col-100 elementor-top-column elementor-element elementor-element-efd056e\" data-id=\"efd056e\" data-element_type=\"column\">\n\t\t\t<div class=\"elementor-widget-wrap elementor-element-populated\">\n\t\t\t\t\t\t<div class=\"elementor-element elementor-element-e3ae891 elementor-widget elementor-widget-text-editor\" data-id=\"e3ae891\" data-element_type=\"widget\" data-widget_type=\"text-editor.default\">\n\t\t\t\t<div class=\"elementor-widget-container\">\n\t\t\t\t\t\t\t\t\t<p>Herran vuonna 978 Englannin kuninkaaksi nousi kaksitoistavuotias Ethelred II Neuvoton sen j\u00e4lkeen, kun Ethelredin tukijat murhasivat Ethelredin velipuolen kuningas Edvard Marttyyrin. Ethelredin valtakaudella tanskalaiset hy\u00f6kk\u00e4siv\u00e4t toistuvasti Englantiin ja vaativat suuria summia tanskalaisveroa. Vuonna 1002 Ethelred pyrki vahvistamaan asemiaan. H\u00e4n nai Normandian herttua Rikhard I Pelottoman tytt\u00e4ren Emman ja m\u00e4\u00e4r\u00e4si suuren joukon tanskalaisia tapettavaksi Pyh\u00e4n Bricen p\u00e4iv\u00e4n\u00e4 13.11.1002 pel\u00e4tess\u00e4\u00e4n vallankaappausta.<\/p>\t\t\t\t\t\t\t\t<\/div>\n\t\t\t\t<\/div>\n\t\t\t\t\t<\/div>\n\t\t<\/div>\n\t\t\t\t\t<\/div>\n\t\t<\/section>\n\t\t\t\t<section class=\"elementor-section elementor-top-section elementor-element elementor-element-59d6efb elementor-section-boxed elementor-section-height-default elementor-section-height-default\" data-id=\"59d6efb\" data-element_type=\"section\">\n\t\t\t\t\t\t<div class=\"elementor-container elementor-column-gap-default\">\n\t\t\t\t\t<div class=\"elementor-column elementor-col-100 elementor-top-column elementor-element elementor-element-c717517\" data-id=\"c717517\" data-element_type=\"column\">\n\t\t\t<div class=\"elementor-widget-wrap elementor-element-populated\">\n\t\t\t\t\t\t<div class=\"elementor-element elementor-element-09b831a elementor-widget elementor-widget-text-editor\" data-id=\"09b831a\" data-element_type=\"widget\" data-widget_type=\"text-editor.default\">\n\t\t\t\t<div class=\"elementor-widget-container\">\n\t\t\t\t\t\t\t\t\t<p>Tapettujen tanskalaisten joukossa oli Tanskan ja Norjan kuninkaan Sven Haaraparran sisko Gunhilde. Sven p\u00e4\u00e4tti kostaa siskonsa kuoleman, tai v\u00e4hint\u00e4\u00e4nkin k\u00e4ytti sit\u00e4 tekosyyn\u00e4 vallatakseen Englannin. Seuraavan kymmenen vuoden aikana tanskalaiset tekiv\u00e4t nelj\u00e4 suurta hy\u00f6kk\u00e4yst\u00e4 Englantiin. Vihdoin vuonna 1013 Ethelred joutui pakenemaan Normandiaan, ja Sven kruunautti itsens\u00e4 Englannin kuninkaaksi.<\/p>\t\t\t\t\t\t\t\t<\/div>\n\t\t\t\t<\/div>\n\t\t\t\t\t<\/div>\n\t\t<\/div>\n\t\t\t\t\t<\/div>\n\t\t<\/section>\n\t\t\t\t<section class=\"elementor-section elementor-top-section elementor-element elementor-element-e2ea772 elementor-section-boxed elementor-section-height-default elementor-section-height-default\" data-id=\"e2ea772\" data-element_type=\"section\">\n\t\t\t\t\t\t<div class=\"elementor-container elementor-column-gap-default\">\n\t\t\t\t\t<div class=\"elementor-column elementor-col-100 elementor-top-column elementor-element elementor-element-095eecb\" data-id=\"095eecb\" data-element_type=\"column\">\n\t\t\t<div class=\"elementor-widget-wrap elementor-element-populated\">\n\t\t\t\t\t\t<div class=\"elementor-element elementor-element-14ec263 elementor-widget elementor-widget-text-editor\" data-id=\"14ec263\" data-element_type=\"widget\" data-widget_type=\"text-editor.default\">\n\t\t\t\t<div class=\"elementor-widget-container\">\n\t\t\t\t\t\t\t\t\t<p>Sven ei ehtinyt pitk\u00e4\u00e4n nauttimaan Englannin kruunusta, sill\u00e4 vain viisi viikkoa my\u00f6hemmin h\u00e4n kuoli tammikuussa 1014. Englannin tanskalaiset yrittiv\u00e4t korottaa uudeksi kuninkaaksi Svenin nuoremman pojan Knutin (tuleva Knut Suuri), mutta englannin ylh\u00e4is\u00f6 kutsui Ethelredin takaisin Normandiasta.<\/p>\t\t\t\t\t\t\t\t<\/div>\n\t\t\t\t<\/div>\n\t\t\t\t\t<\/div>\n\t\t<\/div>\n\t\t\t\t\t<\/div>\n\t\t<\/section>\n\t\t\t\t<section class=\"elementor-section elementor-top-section elementor-element elementor-element-2f68d10 elementor-section-boxed elementor-section-height-default elementor-section-height-default\" data-id=\"2f68d10\" data-element_type=\"section\">\n\t\t\t\t\t\t<div class=\"elementor-container elementor-column-gap-default\">\n\t\t\t\t\t<div class=\"elementor-column elementor-col-100 elementor-top-column elementor-element elementor-element-1ded18b\" data-id=\"1ded18b\" data-element_type=\"column\">\n\t\t\t<div class=\"elementor-widget-wrap elementor-element-populated\">\n\t\t\t\t\t\t<div class=\"elementor-element elementor-element-9ea8dc7 elementor-widget elementor-widget-text-editor\" data-id=\"9ea8dc7\" data-element_type=\"widget\" data-widget_type=\"text-editor.default\">\n\t\t\t\t<div class=\"elementor-widget-container\">\n\t\t\t\t\t\t\t\t\t<p>Vuonna 1015 Etheleredin poika Edmund Rautakylki kapinoi is\u00e4\u00e4ns\u00e4 vastaan, mutta Ethelred ja Edmund sopivat riitansa, kun Knut hy\u00f6kk\u00e4si Englantiin my\u00f6hemmin samana vuonna. Ethelred kuoli vuonna 1016. Lontoolaiset valitsivat uudeksi kuninkaakseen Edmundin, kun suuressa osassa muuta Englantia valittiin kuninkaaksi Knut. Edmund taisteli useita suuria taisteluita tanskalaisia vastaan. Lopulta Edmund ja Knut sopivat jakavansa Englannin. Etel\u00e4-Englanti j\u00e4isi Edmundille, ja Knut saisi Pohjois-Englannin. Vain viikkoja sopimuksen j\u00e4lkeen Edmund kuoli ep\u00e4ilytt\u00e4viss\u00e4 olosuhteissa, ja koko Englanti j\u00e4i Knut Suuren alaisuuteen.<\/p>\t\t\t\t\t\t\t\t<\/div>\n\t\t\t\t<\/div>\n\t\t\t\t\t<\/div>\n\t\t<\/div>\n\t\t\t\t\t<\/div>\n\t\t<\/section>\n\t\t\t\t<section class=\"elementor-section elementor-top-section elementor-element elementor-element-0fcde8b elementor-section-boxed elementor-section-height-default elementor-section-height-default\" data-id=\"0fcde8b\" data-element_type=\"section\">\n\t\t\t\t\t\t<div class=\"elementor-container elementor-column-gap-default\">\n\t\t\t\t\t<div class=\"elementor-column elementor-col-100 elementor-top-column elementor-element elementor-element-333d095\" data-id=\"333d095\" data-element_type=\"column\">\n\t\t\t<div class=\"elementor-widget-wrap elementor-element-populated\">\n\t\t\t\t\t\t<div class=\"elementor-element elementor-element-5cec095 elementor-widget elementor-widget-text-editor\" data-id=\"5cec095\" data-element_type=\"widget\" data-widget_type=\"text-editor.default\">\n\t\t\t\t<div class=\"elementor-widget-container\">\n\t\t\t\t\t\t\t\t\t<p>Englannin kuningas Knut Suuri nai Ethelredin lesken Normandian Emman, mutta Emman ja Ethelredin j\u00e4ljelle j\u00e4\u00e4neet pojat Edvard (tuleva Edvard Tunnustaja) ja Alfred pakenivat Normandiaan. Edmundin vastasyntyneet pojat Edvard Maanpakolainen ja Edmund Athling l\u00e4hetettiin Ruotsiin, ja edelleen Kiovaan, ker\u00e4ten siell\u00e4 nime\u00e4 aikuisiksi tultuaan (ja Edward palaa my\u00f6hemmin tarinaamme).<\/p>\t\t\t\t\t\t\t\t<\/div>\n\t\t\t\t<\/div>\n\t\t\t\t\t<\/div>\n\t\t<\/div>\n\t\t\t\t\t<\/div>\n\t\t<\/section>\n\t\t\t\t<section class=\"elementor-section elementor-top-section elementor-element elementor-element-9130a28 elementor-section-boxed elementor-section-height-default elementor-section-height-default\" data-id=\"9130a28\" data-element_type=\"section\">\n\t\t\t\t\t\t<div class=\"elementor-container elementor-column-gap-default\">\n\t\t\t\t\t<div class=\"elementor-column elementor-col-100 elementor-top-column elementor-element elementor-element-ca258a2\" data-id=\"ca258a2\" data-element_type=\"column\">\n\t\t\t<div class=\"elementor-widget-wrap elementor-element-populated\">\n\t\t\t\t\t\t<div class=\"elementor-element elementor-element-88d3635 elementor-widget elementor-widget-heading\" data-id=\"88d3635\" data-element_type=\"widget\" data-widget_type=\"heading.default\">\n\t\t\t\t<div class=\"elementor-widget-container\">\n\t\t\t\t\t<h2 class=\"elementor-heading-title elementor-size-default\">Knutin rauha, ja veljesriitojen vuodet (1016\u20131042)<\/h2>\t\t\t\t<\/div>\n\t\t\t\t<\/div>\n\t\t\t\t\t<\/div>\n\t\t<\/div>\n\t\t\t\t\t<\/div>\n\t\t<\/section>\n\t\t\t\t<section class=\"elementor-section elementor-top-section elementor-element elementor-element-872dc99 elementor-section-boxed elementor-section-height-default elementor-section-height-default\" data-id=\"872dc99\" data-element_type=\"section\">\n\t\t\t\t\t\t<div class=\"elementor-container elementor-column-gap-default\">\n\t\t\t\t\t<div class=\"elementor-column elementor-col-100 elementor-top-column elementor-element elementor-element-6227ea5\" data-id=\"6227ea5\" data-element_type=\"column\">\n\t\t\t<div class=\"elementor-widget-wrap elementor-element-populated\">\n\t\t\t\t\t\t<div class=\"elementor-element elementor-element-f7e8a2e elementor-widget elementor-widget-text-editor\" data-id=\"f7e8a2e\" data-element_type=\"widget\" data-widget_type=\"text-editor.default\">\n\t\t\t\t<div class=\"elementor-widget-container\">\n\t\t\t\t\t\t\t\t\t<p>Knut Suuren aikana Englannissa oli rauhallista. Mik\u00e4\u00e4n ulkoinen uhka ei uhannut maata, olihan Knutin veli Tanskan kuningas Harald II kuollut vuonna 1018, ja j\u00e4tt\u00e4nyt my\u00f6s Tanskan kruunun Knutille. Vuonna 1028 Knut syrj\u00e4ytti Olavi Pyh\u00e4n Norjan valtaistuimella. Knutin hallussa oli samaan aikaan Englannin, Tanskan ja Norjan kruunut, ja viel\u00e4 osa Ruotsiakin.<\/p>\t\t\t\t\t\t\t\t<\/div>\n\t\t\t\t<\/div>\n\t\t\t\t\t<\/div>\n\t\t<\/div>\n\t\t\t\t\t<\/div>\n\t\t<\/section>\n\t\t\t\t<section class=\"elementor-section elementor-top-section elementor-element elementor-element-2c68ab0 elementor-section-boxed elementor-section-height-default elementor-section-height-default\" data-id=\"2c68ab0\" data-element_type=\"section\">\n\t\t\t\t\t\t<div class=\"elementor-container elementor-column-gap-default\">\n\t\t\t\t\t<div class=\"elementor-column elementor-col-100 elementor-top-column elementor-element elementor-element-c452fb7\" data-id=\"c452fb7\" data-element_type=\"column\">\n\t\t\t<div class=\"elementor-widget-wrap elementor-element-populated\">\n\t\t\t\t\t\t<div class=\"elementor-element elementor-element-6e44125 elementor-widget elementor-widget-text-editor\" data-id=\"6e44125\" data-element_type=\"widget\" data-widget_type=\"text-editor.default\">\n\t\t\t\t<div class=\"elementor-widget-container\">\n\t\t\t\t\t\t\t\t\t<p>Knut uudisti Englannin hallinnon luoden uuden kreivikuntajaon. Wessexin kreiviksi nousi Godwin of Wessex (ei Wessexin sukua, vaan Godwinsonien is\u00e4), joka ker\u00e4si jo Knutin aikana paljon valtaa. Mercian kreiviksi tuli Leofric of Hwicce (Mercian Edvinin isois\u00e4).<\/p>\t\t\t\t\t\t\t\t<\/div>\n\t\t\t\t<\/div>\n\t\t\t\t\t<\/div>\n\t\t<\/div>\n\t\t\t\t\t<\/div>\n\t\t<\/section>\n\t\t\t\t<section class=\"elementor-section elementor-top-section elementor-element elementor-element-e980799 elementor-section-boxed elementor-section-height-default elementor-section-height-default\" data-id=\"e980799\" data-element_type=\"section\">\n\t\t\t\t\t\t<div class=\"elementor-container elementor-column-gap-default\">\n\t\t\t\t\t<div class=\"elementor-column elementor-col-100 elementor-top-column elementor-element elementor-element-51b4120\" data-id=\"51b4120\" data-element_type=\"column\">\n\t\t\t<div class=\"elementor-widget-wrap elementor-element-populated\">\n\t\t\t\t\t\t<div class=\"elementor-element elementor-element-bfac758 elementor-widget elementor-widget-text-editor\" data-id=\"bfac758\" data-element_type=\"widget\" data-widget_type=\"text-editor.default\">\n\t\t\t\t<div class=\"elementor-widget-container\">\n\t\t\t\t\t\t\t\t\t<p>Hallinnollisten uudistusten lis\u00e4ksi Knut Suuri sopi vahvat yhteydet muuhun Eurooppaan. Vuosina 1027\u20131028 Knut vieraili Roomassa tapaamassa Paavi Johannes XIX:\u00e4\u00e4 ja osallistumassa Pyh\u00e4n saksalais-roomalaisen keisarikunnan keisari Konrad II:n kruunajaisiin. Samalla sovittiin Knutin tytt\u00e4ren Gunhildan naimakaupasta Konradin perij\u00e4n Henrik III:n kanssa. Mahtava Pohjanmeren kuningaskunta, joka olisi liitossa Pyh\u00e4n saksalais-roomalaisen keisarikunnan kanssa, oli syntym\u00e4ss\u00e4.<\/p>\t\t\t\t\t\t\t\t<\/div>\n\t\t\t\t<\/div>\n\t\t\t\t\t<\/div>\n\t\t<\/div>\n\t\t\t\t\t<\/div>\n\t\t<\/section>\n\t\t\t\t<section class=\"elementor-section elementor-top-section elementor-element elementor-element-b8dfc33 elementor-section-boxed elementor-section-height-default elementor-section-height-default\" data-id=\"b8dfc33\" data-element_type=\"section\">\n\t\t\t\t\t\t<div class=\"elementor-container elementor-column-gap-default\">\n\t\t\t\t\t<div class=\"elementor-column elementor-col-100 elementor-top-column elementor-element elementor-element-b53f9cc\" data-id=\"b53f9cc\" data-element_type=\"column\">\n\t\t\t<div class=\"elementor-widget-wrap elementor-element-populated\">\n\t\t\t\t\t\t<div class=\"elementor-element elementor-element-8395f5c elementor-widget elementor-widget-text-editor\" data-id=\"8395f5c\" data-element_type=\"widget\" data-widget_type=\"text-editor.default\">\n\t\t\t\t<div class=\"elementor-widget-container\">\n\t\t\t\t\t\t\t\t\t<p>Knutin nimetty perij\u00e4 oli h\u00e4nen nuorin poikansa Hardeknut (tuleva Knuut III Hardeknut). Hardeknut oli Knutin ja Emma Normandialaisen laillinen poika, ja Knutin el\u00e4ess\u00e4 h\u00e4nen vastuullaan oli Tanskan hallitseminen. Knutin vanhemmat pojat aiemmasta avioliitosta Harald J\u00e4niksenk\u00e4p\u00e4l\u00e4 ja Sven Aelfgifunpoika hoitivat puolestaan Englantia ja Norjaa.<\/p>\t\t\t\t\t\t\t\t<\/div>\n\t\t\t\t<\/div>\n\t\t\t\t\t<\/div>\n\t\t<\/div>\n\t\t\t\t\t<\/div>\n\t\t<\/section>\n\t\t\t\t<section class=\"elementor-section elementor-top-section elementor-element elementor-element-772d335 elementor-section-boxed elementor-section-height-default elementor-section-height-default\" data-id=\"772d335\" data-element_type=\"section\">\n\t\t\t\t\t\t<div class=\"elementor-container elementor-column-gap-default\">\n\t\t\t\t\t<div class=\"elementor-column elementor-col-100 elementor-top-column elementor-element elementor-element-1bf785f\" data-id=\"1bf785f\" data-element_type=\"column\">\n\t\t\t<div class=\"elementor-widget-wrap elementor-element-populated\">\n\t\t\t\t\t\t<div class=\"elementor-element elementor-element-9c42355 elementor-widget elementor-widget-text-editor\" data-id=\"9c42355\" data-element_type=\"widget\" data-widget_type=\"text-editor.default\">\n\t\t\t\t<div class=\"elementor-widget-container\">\n\t\t\t\t\t\t\t\t\t<p>Knut Suuren suuri valtakunta ei kuitenkaan kest\u00e4nyt, vaan Herran vuonna 1035 Knut itse kuoli. Hardeknut joutui j\u00e4\u00e4m\u00e4\u00e4n Tanskaan ottaakseen Tanskan kruunun itselleen ja selvitt\u00e4\u00e4kseen Norjan tilannetta. Englannin hallinta j\u00e4i sijaishallitsijoina toimiville Harald J\u00e4niksenk\u00e4p\u00e4l\u00e4lle ja Hardeknutin \u00e4idille Normandian Emmalle. Norjalaiset ajoivat Svenin pois Norjasta, ja antoivat Norjan kruunun Pyh\u00e4n Olavin pojalle Maunu Hyv\u00e4lle. Sven pakeni Tanskaan, ja kuoli pian sen j\u00e4lkeen.<\/p>\t\t\t\t\t\t\t\t<\/div>\n\t\t\t\t<\/div>\n\t\t\t\t\t<\/div>\n\t\t<\/div>\n\t\t\t\t\t<\/div>\n\t\t<\/section>\n\t\t\t\t<section class=\"elementor-section elementor-top-section elementor-element elementor-element-d96f80a elementor-section-boxed elementor-section-height-default elementor-section-height-default\" data-id=\"d96f80a\" data-element_type=\"section\">\n\t\t\t\t\t\t<div class=\"elementor-container elementor-column-gap-default\">\n\t\t\t\t\t<div class=\"elementor-column elementor-col-100 elementor-top-column elementor-element elementor-element-6dbcebe\" data-id=\"6dbcebe\" data-element_type=\"column\">\n\t\t\t<div class=\"elementor-widget-wrap elementor-element-populated\">\n\t\t\t\t\t\t<div class=\"elementor-element elementor-element-d483761 elementor-widget elementor-widget-text-editor\" data-id=\"d483761\" data-element_type=\"widget\" data-widget_type=\"text-editor.default\">\n\t\t\t\t<div class=\"elementor-widget-container\">\n\t\t\t\t\t\t\t\t\t<p>Vuonna 1036 Emman ja Ethelred Neuvottoman pojat Aflred ja Edvard palasivat Englantiin. Essexin kreivi Godwin vangitsi Alfredin ja luovutti h\u00e4net Harald J\u00e4niksenk\u00e4p\u00e4l\u00e4lle. Haraldin miehet kiduttivat ja sokaisivat Alfredin, ja Alfred kuoli vammoihinsa. Edvard pakeni takaisin Normandiaan. My\u00f6s Emma pakeni Englannista nostaakseen armeijan Haraldia vastaan. Harald J\u00e4niksenk\u00e4p\u00e4l\u00e4 otti vallan virallisesti, ja kruunautti itsens\u00e4 Englannin kuninkaaksi vuonna 1037.<\/p>\t\t\t\t\t\t\t\t<\/div>\n\t\t\t\t<\/div>\n\t\t\t\t\t<\/div>\n\t\t<\/div>\n\t\t\t\t\t<\/div>\n\t\t<\/section>\n\t\t\t\t<section class=\"elementor-section elementor-top-section elementor-element elementor-element-e94a61b elementor-section-boxed elementor-section-height-default elementor-section-height-default\" data-id=\"e94a61b\" data-element_type=\"section\">\n\t\t\t\t\t\t<div class=\"elementor-container elementor-column-gap-default\">\n\t\t\t\t\t<div class=\"elementor-column elementor-col-100 elementor-top-column elementor-element elementor-element-23c4b34\" data-id=\"23c4b34\" data-element_type=\"column\">\n\t\t\t<div class=\"elementor-widget-wrap elementor-element-populated\">\n\t\t\t\t\t\t<div class=\"elementor-element elementor-element-129e979 elementor-widget elementor-widget-text-editor\" data-id=\"129e979\" data-element_type=\"widget\" data-widget_type=\"text-editor.default\">\n\t\t\t\t<div class=\"elementor-widget-container\">\n\t\t\t\t\t\t\t\t\t<p>Hardeknut sopi riitansa Norjan kuningas Maunu Hyv\u00e4n kanssa. Hardeknut pysyisi Tanskan kuninkaana ja Maunu Norjan kuninkaana. Se kumpi el\u00e4isi pidemp\u00e4\u00e4n, perisi toisen (ja my\u00f6hemmin riideltiin, ett\u00e4 koskiko sopimus vain Tanskaa ja Norjaa, vai my\u00f6s Englantia). Hardeknut alkoi kasata hy\u00f6kk\u00e4yslaivastoa Englannin valtaamiseksi yhdess\u00e4 \u00e4itins\u00e4 Emman kanssa. Ennen hy\u00f6kk\u00e4yst\u00e4 Harald J\u00e4niksenk\u00e4p\u00e4l\u00e4 kuitenkin kuoli, ja Hardeknut kruunattiin Englannin kuninkaaksi.<\/p>\t\t\t\t\t\t\t\t<\/div>\n\t\t\t\t<\/div>\n\t\t\t\t\t<\/div>\n\t\t<\/div>\n\t\t\t\t\t<\/div>\n\t\t<\/section>\n\t\t\t\t<section class=\"elementor-section elementor-top-section elementor-element elementor-element-eb53c4b elementor-section-boxed elementor-section-height-default elementor-section-height-default\" data-id=\"eb53c4b\" data-element_type=\"section\">\n\t\t\t\t\t\t<div class=\"elementor-container elementor-column-gap-default\">\n\t\t\t\t\t<div class=\"elementor-column elementor-col-100 elementor-top-column elementor-element elementor-element-8244097\" data-id=\"8244097\" data-element_type=\"column\">\n\t\t\t<div class=\"elementor-widget-wrap elementor-element-populated\">\n\t\t\t\t\t\t<div class=\"elementor-element elementor-element-820b3f9 elementor-widget elementor-widget-text-editor\" data-id=\"820b3f9\" data-element_type=\"widget\" data-widget_type=\"text-editor.default\">\n\t\t\t\t<div class=\"elementor-widget-container\">\n\t\t\t\t\t\t\t\t\t<p>Hardeknutin terveys alkoi kuitenkin pett\u00e4\u00e4, ja vuonna 1041 Hardeknut kutsui velipuolensa Edvardin Normandiasta takaisin Englantiin, ja nimitti h\u00e4net perij\u00e4kseen. Vuotta my\u00f6hemmin Hardeknut kuoli, ja Englannin kruunu palasi j\u00e4lleen Wessexin suvulle, Edvard Tunnustajalle vuonna 1042.<\/p>\t\t\t\t\t\t\t\t<\/div>\n\t\t\t\t<\/div>\n\t\t\t\t\t<\/div>\n\t\t<\/div>\n\t\t\t\t\t<\/div>\n\t\t<\/section>\n\t\t\t\t<section class=\"elementor-section elementor-top-section elementor-element elementor-element-daa130d elementor-section-boxed elementor-section-height-default elementor-section-height-default\" data-id=\"daa130d\" data-element_type=\"section\">\n\t\t\t\t\t\t<div class=\"elementor-container elementor-column-gap-default\">\n\t\t\t\t\t<div class=\"elementor-column elementor-col-100 elementor-top-column elementor-element elementor-element-19994c3\" data-id=\"19994c3\" data-element_type=\"column\">\n\t\t\t<div class=\"elementor-widget-wrap elementor-element-populated\">\n\t\t\t\t\t\t<div class=\"elementor-element elementor-element-8e20afb elementor-widget elementor-widget-heading\" data-id=\"8e20afb\" data-element_type=\"widget\" data-widget_type=\"heading.default\">\n\t\t\t\t<div class=\"elementor-widget-container\">\n\t\t\t\t\t<h2 class=\"elementor-heading-title elementor-size-default\">Englannin sis\u00e4iset kiistat (1042\u20131066)<\/h2>\t\t\t\t<\/div>\n\t\t\t\t<\/div>\n\t\t\t\t\t<\/div>\n\t\t<\/div>\n\t\t\t\t\t<\/div>\n\t\t<\/section>\n\t\t\t\t<section class=\"elementor-section elementor-top-section elementor-element elementor-element-aabd3c4 elementor-section-boxed elementor-section-height-default elementor-section-height-default\" data-id=\"aabd3c4\" data-element_type=\"section\">\n\t\t\t\t\t\t<div class=\"elementor-container elementor-column-gap-default\">\n\t\t\t\t\t<div class=\"elementor-column elementor-col-100 elementor-top-column elementor-element elementor-element-b03284b\" data-id=\"b03284b\" data-element_type=\"column\">\n\t\t\t<div class=\"elementor-widget-wrap elementor-element-populated\">\n\t\t\t\t\t\t<div class=\"elementor-element elementor-element-1b505fc elementor-widget elementor-widget-text-editor\" data-id=\"1b505fc\" data-element_type=\"widget\" data-widget_type=\"text-editor.default\">\n\t\t\t\t<div class=\"elementor-widget-container\">\n\t\t\t\t\t\t\t\t\t<p>Hardeknutin kuolema aiheutti suuria muutoksia Tanskassa ja Norjassa. Maunu Hyv\u00e4 nousi Tanskan kuninkaaksi. Hardeknutin serkku ja Tanskan k\u00e4skynhaltija Sven Estridsson (tuleva Tanskan Sweyn II) yritti est\u00e4\u00e4 Maunua, mutta huonolla menestyksell\u00e4. Maunu vaati itselleen my\u00f6s Englannin kruunua vedoten sopimukseensa Hardeknutin kanssa. Maunu ei kuitenkaan saanut tukea Englannissa, ja Maunun omat joukot olivat kiinni sodassa Tanskan ja Norjan kruunuista, joten Englannin kruunu meni menojaan. Vuonna 1047 Maunu kuoli, ja Norjan kruunu siirtyi Maunun set\u00e4puolelle Harald Ankaralle, Bysantin varjagikaartissa nime\u00e4 ker\u00e4nneelle sotasankarille. Tanskan kruunu p\u00e4\u00e4tyi Sven Estridssonille. Vuoteen 1064 asti Harald ja Sven taistelivat kesken\u00e4\u00e4n Tanskan ja Norjan kruunuista, eik\u00e4 Englantiin kohdistunut suurta uhkaa id\u00e4st\u00e4.<\/p>\t\t\t\t\t\t\t\t<\/div>\n\t\t\t\t<\/div>\n\t\t\t\t\t<\/div>\n\t\t<\/div>\n\t\t\t\t\t<\/div>\n\t\t<\/section>\n\t\t\t\t<section class=\"elementor-section elementor-top-section elementor-element elementor-element-6148bed elementor-section-boxed elementor-section-height-default elementor-section-height-default\" data-id=\"6148bed\" data-element_type=\"section\">\n\t\t\t\t\t\t<div class=\"elementor-container elementor-column-gap-default\">\n\t\t\t\t\t<div class=\"elementor-column elementor-col-100 elementor-top-column elementor-element elementor-element-275dafb\" data-id=\"275dafb\" data-element_type=\"column\">\n\t\t\t<div class=\"elementor-widget-wrap elementor-element-populated\">\n\t\t\t\t\t\t<div class=\"elementor-element elementor-element-62f4cb6 elementor-widget elementor-widget-text-editor\" data-id=\"62f4cb6\" data-element_type=\"widget\" data-widget_type=\"text-editor.default\">\n\t\t\t\t<div class=\"elementor-widget-container\">\n\t\t\t\t\t\t\t\t\t<p>My\u00f6sk\u00e4\u00e4n etel\u00e4st\u00e4 Englantiin ei kohdistunut suurta uhkaa. Vilhelm \u00c4p\u00e4r\u00e4 oli perinyt Normandian herttuakunnan seitsem\u00e4nvuotiaana vuonna 1035. Aikuiseksi tullessaan Vilhelm kukisti h\u00e4neen kohdistuneen kapinan vuonna 1047, ja alkoi kasata todellista valtaa itselleen. Sodat naapureita ja vastahankaisia aristokraatteja ja kirkonmiehi\u00e4 vastaan, ja my\u00f6s Ranskan kuningasta vastaan, jatkuivat pitk\u00e4\u00e4n. Vasta 1060-luvun alkuvuosina Vilhelm oli valmis puuttumaan sotilaallisesti Englannin asioihin.<\/p>\t\t\t\t\t\t\t\t<\/div>\n\t\t\t\t<\/div>\n\t\t\t\t\t<\/div>\n\t\t<\/div>\n\t\t\t\t\t<\/div>\n\t\t<\/section>\n\t\t\t\t<section class=\"elementor-section elementor-top-section elementor-element elementor-element-fcf38ab elementor-section-boxed elementor-section-height-default elementor-section-height-default\" data-id=\"fcf38ab\" data-element_type=\"section\">\n\t\t\t\t\t\t<div class=\"elementor-container elementor-column-gap-default\">\n\t\t\t\t\t<div class=\"elementor-column elementor-col-100 elementor-top-column elementor-element elementor-element-e13bd8d\" data-id=\"e13bd8d\" data-element_type=\"column\">\n\t\t\t<div class=\"elementor-widget-wrap elementor-element-populated\">\n\t\t\t\t\t\t<div class=\"elementor-element elementor-element-f1536de elementor-widget elementor-widget-text-editor\" data-id=\"f1536de\" data-element_type=\"widget\" data-widget_type=\"text-editor.default\">\n\t\t\t\t<div class=\"elementor-widget-container\">\n\t\t\t\t\t\t\t\t\t<p>Skotlantikaan ei suuremmin uhannut Englantia, sill\u00e4 Skotlannissa k\u00e4ytiin sis\u00e4llissotaa. Vallan Skotlannissa oli anastanut verinen kuningas Macbeth (vaikkakin Shakespeare liioittelee). Macbethin vastustaja Malcolm Canmore (tuleva Malcolm III) oli paennut Edvardin hoviin hakemaan tukea. Kiitollinen kuningas Skotlannissa lis\u00e4isi Englannin turvallisuutta, joten Edvardin joukot Northumbrien kreivin Siwardin johdolla auttoivat Malcolmia valtaamaan Etel\u00e4-Skotlannin vuonna 1054. Vuoteen 1058 menness\u00e4 Malcolm oli tappanut Macbethin perij\u00f6ineen, ja kruunannut itsens\u00e4 Skotlannin kuninkaaksi. Edes Malcolmin perinteiden mukainen \u201dkruunajaishy\u00f6kk\u00e4ys\u201d Englantiin vuonna 1061 ei ollut uhka, koska Malcolm piti hy\u00f6kk\u00e4yksen pienen\u00e4, eik\u00e4 kohdistanut sit\u00e4 Edvardia tukevien aatelisten maille.<\/p>\t\t\t\t\t\t\t\t<\/div>\n\t\t\t\t<\/div>\n\t\t\t\t\t<\/div>\n\t\t<\/div>\n\t\t\t\t\t<\/div>\n\t\t<\/section>\n\t\t\t\t<section class=\"elementor-section elementor-top-section elementor-element elementor-element-90072d9 elementor-section-boxed elementor-section-height-default elementor-section-height-default\" data-id=\"90072d9\" data-element_type=\"section\">\n\t\t\t\t\t\t<div class=\"elementor-container elementor-column-gap-default\">\n\t\t\t\t\t<div class=\"elementor-column elementor-col-100 elementor-top-column elementor-element elementor-element-8cc37cc\" data-id=\"8cc37cc\" data-element_type=\"column\">\n\t\t\t<div class=\"elementor-widget-wrap elementor-element-populated\">\n\t\t\t\t\t\t<div class=\"elementor-element elementor-element-48b4538 elementor-widget elementor-widget-text-editor\" data-id=\"48b4538\" data-element_type=\"widget\" data-widget_type=\"text-editor.default\">\n\t\t\t\t<div class=\"elementor-widget-container\">\n\t\t\t\t\t\t\t\t\t<p>Englannin uhkat olivatkin sis\u00e4isi\u00e4. Tanskalaisvalta oli heikent\u00e4nyt Wessexin sukua, ja Edvard Tunnustaja joutui hakemaan tukea Englannin vaikutusvaltaisimmalta miehelt\u00e4, Essexin kreivi (ei Essexin sukua) Godwinilta, Mercian kreivi Leofricilta ja Northumbrian kreivi Siwardilta. Edvard joutui n\u00f6yrtym\u00e4\u00e4n, ja h\u00e4nen veljens\u00e4 Alfredin murha kuitattiin Godwinin verirahoilla ja syytt\u00e4m\u00e4ll\u00e4 tapahtuneesta Harald J\u00e4niksenk\u00e4p\u00e4l\u00e4\u00e4. Vuonna 1045 Edvard nai Godwinin tytt\u00e4ren Edithin, ja poikkeuksellisesti Edith kruunattiin kuningattareksi (yleens\u00e4 kuninkaan puolisoita ei kruunattu).<\/p>\t\t\t\t\t\t\t\t<\/div>\n\t\t\t\t<\/div>\n\t\t\t\t\t<\/div>\n\t\t<\/div>\n\t\t\t\t\t<\/div>\n\t\t<\/section>\n\t\t\t\t<section class=\"elementor-section elementor-top-section elementor-element elementor-element-c966ad5 elementor-section-boxed elementor-section-height-default elementor-section-height-default\" data-id=\"c966ad5\" data-element_type=\"section\">\n\t\t\t\t\t\t<div class=\"elementor-container elementor-column-gap-default\">\n\t\t\t\t\t<div class=\"elementor-column elementor-col-100 elementor-top-column elementor-element elementor-element-4b9c180\" data-id=\"4b9c180\" data-element_type=\"column\">\n\t\t\t<div class=\"elementor-widget-wrap elementor-element-populated\">\n\t\t\t\t\t\t<div class=\"elementor-element elementor-element-9fe8f74 elementor-widget elementor-widget-text-editor\" data-id=\"9fe8f74\" data-element_type=\"widget\" data-widget_type=\"text-editor.default\">\n\t\t\t\t<div class=\"elementor-widget-container\">\n\t\t\t\t\t\t\t\t\t<p>Godwinien valta kasvoi nopeasti ja Godwinin pojat saivat kreivikuntia Englannissa. Godwinien vastapainoksi kuningas suosi normanneja ja normannivaikutuksia. Olihan h\u00e4n itse ollut Normandiassa vuosia maanpaossa. Vuonna 1051 doverilaiset hy\u00f6kk\u00e4siv\u00e4t vierailevien normannien kimppuun. Kuningas Edvard m\u00e4\u00e4r\u00e4si kreivi Godwinin rankaisemaan alamaisiaan ja polttamaan Doverin kaupungin rangaistukseksi. Godwin kielt\u00e4ytyi kuninkaansa k\u00e4skyst\u00e4, ja arvovaltariita oli valmis. Sek\u00e4 Godwin poikineen ett\u00e4 kuningas Edvard nostivat joukkonsa aseisiin. Kuningas sai kuitenkin tukea Mercian kreivi Leofricilta ja Northumbrian kreivi Siwardilta, ja lopulta kreivi Godwin my\u00f6ntyi tuomittavaksi avoimen sis\u00e4llissodan v\u00e4ltt\u00e4miseksi.<\/p>\t\t\t\t\t\t\t\t<\/div>\n\t\t\t\t<\/div>\n\t\t\t\t\t<\/div>\n\t\t<\/div>\n\t\t\t\t\t<\/div>\n\t\t<\/section>\n\t\t\t\t<section class=\"elementor-section elementor-top-section elementor-element elementor-element-9653193 elementor-section-boxed elementor-section-height-default elementor-section-height-default\" data-id=\"9653193\" data-element_type=\"section\">\n\t\t\t\t\t\t<div class=\"elementor-container elementor-column-gap-default\">\n\t\t\t\t\t<div class=\"elementor-column elementor-col-100 elementor-top-column elementor-element elementor-element-9915c40\" data-id=\"9915c40\" data-element_type=\"column\">\n\t\t\t<div class=\"elementor-widget-wrap elementor-element-populated\">\n\t\t\t\t\t\t<div class=\"elementor-element elementor-element-29e04e4 elementor-widget elementor-widget-text-editor\" data-id=\"29e04e4\" data-element_type=\"widget\" data-widget_type=\"text-editor.default\">\n\t\t\t\t<div class=\"elementor-widget-container\">\n\t\t\t\t\t\t\t\t\t<p>Edvardin ja Englannin witanin, kuninkaallisen neuvoston, tuomio oli ankarampi kuin kreivi Godwin oli olettanut. Edvard m\u00e4\u00e4r\u00e4si Godwinin poikineen karkotettavaksi maasta ja menett\u00e4m\u00e4\u00e4n arvonsa ja maansa. Kuningatar Edith l\u00e4hetettiin luostariin. Godwinit l\u00e4htiv\u00e4t maanpakoon Flanderiin ja Irlantiin. Normandian Vilhelm \u00c4p\u00e4r\u00e4n mukaan t\u00e4ss\u00e4 vaiheessa kuningas Edvard nimitti h\u00e4net Englannin kruununperij\u00e4ksi.<\/p>\t\t\t\t\t\t\t\t<\/div>\n\t\t\t\t<\/div>\n\t\t\t\t\t<\/div>\n\t\t<\/div>\n\t\t\t\t\t<\/div>\n\t\t<\/section>\n\t\t\t\t<section class=\"elementor-section elementor-top-section elementor-element elementor-element-9e907e1 elementor-section-boxed elementor-section-height-default elementor-section-height-default\" data-id=\"9e907e1\" data-element_type=\"section\">\n\t\t\t\t\t\t<div class=\"elementor-container elementor-column-gap-default\">\n\t\t\t\t\t<div class=\"elementor-column elementor-col-100 elementor-top-column elementor-element elementor-element-8cfdba4\" data-id=\"8cfdba4\" data-element_type=\"column\">\n\t\t\t<div class=\"elementor-widget-wrap elementor-element-populated\">\n\t\t\t\t\t\t<div class=\"elementor-element elementor-element-512a585 elementor-widget elementor-widget-text-editor\" data-id=\"512a585\" data-element_type=\"widget\" data-widget_type=\"text-editor.default\">\n\t\t\t\t<div class=\"elementor-widget-container\">\n\t\t\t\t\t\t\t\t\t<p>Godwinien maanpako ei kest\u00e4nyt pitk\u00e4\u00e4n. He kasasivat joukkoja Flanderissa ja Irlannissa, ja ker\u00e4siv\u00e4t tukea Englannissa. Jo seuraavana vuonna 1052 Godwinit palasivat Englantiin. J\u00e4lleen kerran kuninkaan ja Godwinien joukot olivat vastakkain, mutta t\u00e4ll\u00e4 kertaa kuningas Edvard oli se, joka antoi periksi avoimen sis\u00e4llissodan v\u00e4ltt\u00e4miseksi. Godwinit saivat maansa ja arvonimens\u00e4 takaisin, ja kuningatar haettiin takaisin luostarista.<\/p>\t\t\t\t\t\t\t\t<\/div>\n\t\t\t\t<\/div>\n\t\t\t\t\t<\/div>\n\t\t<\/div>\n\t\t\t\t\t<\/div>\n\t\t<\/section>\n\t\t\t\t<section class=\"elementor-section elementor-top-section elementor-element elementor-element-3b1678d elementor-section-boxed elementor-section-height-default elementor-section-height-default\" data-id=\"3b1678d\" data-element_type=\"section\">\n\t\t\t\t\t\t<div class=\"elementor-container elementor-column-gap-default\">\n\t\t\t\t\t<div class=\"elementor-column elementor-col-100 elementor-top-column elementor-element elementor-element-35c5b2a\" data-id=\"35c5b2a\" data-element_type=\"column\">\n\t\t\t<div class=\"elementor-widget-wrap elementor-element-populated\">\n\t\t\t\t\t\t<div class=\"elementor-element elementor-element-e7001a0 elementor-widget elementor-widget-text-editor\" data-id=\"e7001a0\" data-element_type=\"widget\" data-widget_type=\"text-editor.default\">\n\t\t\t\t<div class=\"elementor-widget-container\">\n\t\t\t\t\t\t\t\t\t<p>Godwin itse ei saanut pitk\u00e4\u00e4n nauttia palautetusta asemastaan, sill\u00e4 h\u00e4n kuoli vuonna 1053. Godwinin pojat, Godwinssonit, kuitenkin menestyiv\u00e4t. Harold Godwinsson peri is\u00e4lt\u00e4\u00e4n Wessexin kreivikunnan. Tostig Godwinsson sai Northumbrian kreivi Siwardin kuollessa vuonna 1055. Gyrth sai East Anglian kreivikunnan (1057) ja Leofwine Kentin kreivikunnan. Englannin merkitt\u00e4vist\u00e4 kreivikunnista vain Leofricin Mercia ei ollut Godwinssonien hallussa.<\/p>\t\t\t\t\t\t\t\t<\/div>\n\t\t\t\t<\/div>\n\t\t\t\t\t<\/div>\n\t\t<\/div>\n\t\t\t\t\t<\/div>\n\t\t<\/section>\n\t\t\t\t<section class=\"elementor-section elementor-top-section elementor-element elementor-element-2f14233 elementor-section-boxed elementor-section-height-default elementor-section-height-default\" data-id=\"2f14233\" data-element_type=\"section\">\n\t\t\t\t\t\t<div class=\"elementor-container elementor-column-gap-default\">\n\t\t\t\t\t<div class=\"elementor-column elementor-col-100 elementor-top-column elementor-element elementor-element-4280a59\" data-id=\"4280a59\" data-element_type=\"column\">\n\t\t\t<div class=\"elementor-widget-wrap elementor-element-populated\">\n\t\t\t\t\t\t<div class=\"elementor-element elementor-element-1ee8af1 elementor-widget elementor-widget-text-editor\" data-id=\"1ee8af1\" data-element_type=\"widget\" data-widget_type=\"text-editor.default\">\n\t\t\t\t<div class=\"elementor-widget-container\">\n\t\t\t\t\t\t\t\t\t<p>Vuonna 1055 Mercian kreivi Leofricin poika Aelfgar (silloin East Anglian kreivin\u00e4) julistettiin lainsuojattomaksi \u201dilman mit\u00e4\u00e4n syyt\u00e4\u201d.\u00a0 Aelfgar oli kuitenkin oppinut Godwinssoneilta. H\u00e4n pakeni Irlantiin, kasasi armeijan ja purjehti Walesiin, ja teki liiton Walesin kuningas Gryffyd ap Llywelyn kanssa. Aelfgar ja Gryffyd hy\u00f6kk\u00e4siv\u00e4t Englantiin, ja tehty\u00e4\u00e4n jonkin verran tuhoja Aelfgar ja Gryffyd p\u00e4\u00e4siv\u00e4t sopimukseen kuningas Edvardin kanssa ja Aelfgarin asema palautettiin. Kaksi vuotta my\u00f6hemmin vuonna 1057 Mercian kreivi Leofric kuoli, ja Aelfgar peri h\u00e4nelt\u00e4 Mercian kreivin arvon, ja luopui samalla East Anglian kreivin arvosta. Aelfgar my\u00f6s naitti tytt\u00e4rens\u00e4 Edithin Walesin kuningas Gryffydille muodostaen vahvan liiton Mercian ja Walesin v\u00e4lille.<\/p>\t\t\t\t\t\t\t\t<\/div>\n\t\t\t\t<\/div>\n\t\t\t\t\t<\/div>\n\t\t<\/div>\n\t\t\t\t\t<\/div>\n\t\t<\/section>\n\t\t\t\t<section class=\"elementor-section elementor-top-section elementor-element elementor-element-a9367e1 elementor-section-boxed elementor-section-height-default elementor-section-height-default\" data-id=\"a9367e1\" data-element_type=\"section\">\n\t\t\t\t\t\t<div class=\"elementor-container elementor-column-gap-default\">\n\t\t\t\t\t<div class=\"elementor-column elementor-col-100 elementor-top-column elementor-element elementor-element-22134c1\" data-id=\"22134c1\" data-element_type=\"column\">\n\t\t\t<div class=\"elementor-widget-wrap elementor-element-populated\">\n\t\t\t\t\t\t<div class=\"elementor-element elementor-element-aa67eae elementor-widget elementor-widget-text-editor\" data-id=\"aa67eae\" data-element_type=\"widget\" data-widget_type=\"text-editor.default\">\n\t\t\t\t<div class=\"elementor-widget-container\">\n\t\t\t\t\t\t\t\t\t<p>Kuningas Edvard Tunnustajan tilanne k\u00e4vi tukalaksi. H\u00e4nell\u00e4 ei ollut omia lapsia perij\u00e4ksi, ja tuleva kamppailu kruunusta n\u00e4ytti repiv\u00e4n Englannin hajalle. Edvard Tunnustaja sai kuitenkin tiet\u00e4\u00e4, ett\u00e4 h\u00e4nen veljens\u00e4 kuningas Edmund Rautakyljen pojat, Edvard ja Edmund olivat elossa ja niitt\u00e4neet mainetta Kiovassa, Unkarissa ja B\u00f6\u00f6miss\u00e4. Vuonna 1054 Edvard Tunnustaja l\u00e4hetti edustajansa noutamaan veljenpoikiaan Englantiin, mutta neuvottelut olivat hitaat. Edmund kuoli Unkarissa, mutta Edvard Maanpakolainen palasi perheineen Englantiin nimettyn\u00e4 kruununperij\u00e4n\u00e4 vuonna 1057. Edvardeilla ei kuitenkaan ollut onni my\u00f6t\u00e4, ja Edvard Maanpakolainen kuoli vain muutamaa p\u00e4iv\u00e4\u00e4 my\u00f6hemmin tapaamatta set\u00e4\u00e4ns\u00e4 kuningas Edvard Tunnustajaa.<\/p>\t\t\t\t\t\t\t\t<\/div>\n\t\t\t\t<\/div>\n\t\t\t\t\t<\/div>\n\t\t<\/div>\n\t\t\t\t\t<\/div>\n\t\t<\/section>\n\t\t\t\t<section class=\"elementor-section elementor-top-section elementor-element elementor-element-f21b7f1 elementor-section-boxed elementor-section-height-default elementor-section-height-default\" data-id=\"f21b7f1\" data-element_type=\"section\">\n\t\t\t\t\t\t<div class=\"elementor-container elementor-column-gap-default\">\n\t\t\t\t\t<div class=\"elementor-column elementor-col-100 elementor-top-column elementor-element elementor-element-b148c37\" data-id=\"b148c37\" data-element_type=\"column\">\n\t\t\t<div class=\"elementor-widget-wrap elementor-element-populated\">\n\t\t\t\t\t\t<div class=\"elementor-element elementor-element-61d5b3f elementor-widget elementor-widget-text-editor\" data-id=\"61d5b3f\" data-element_type=\"widget\" data-widget_type=\"text-editor.default\">\n\t\t\t\t<div class=\"elementor-widget-container\">\n\t\t\t\t\t\t\t\t\t<p>Wessexin sukulinjan tulevaisuus j\u00e4i Edvard Maanpakolaisen pojan, silloin vasta viisivuotiaan, Edgar Athlingin ja h\u00e4nen kahden siskonsa Margaretin (tuleva Skotlannin kuningatar Margaret Pyh\u00e4) ja Cristinan (eli nunnana) harteille. Wessexin suvulla ei ollut vahvaa ja kokenutta perij\u00e4\u00e4 Edvard Tunnustajan korvaajaksi, ainakaan ennen kuin Edgar ehtisi miehen mittoihin.<\/p>\t\t\t\t\t\t\t\t<\/div>\n\t\t\t\t<\/div>\n\t\t\t\t\t<\/div>\n\t\t<\/div>\n\t\t\t\t\t<\/div>\n\t\t<\/section>\n\t\t\t\t<section class=\"elementor-section elementor-top-section elementor-element elementor-element-c176d1c elementor-section-boxed elementor-section-height-default elementor-section-height-default\" data-id=\"c176d1c\" data-element_type=\"section\">\n\t\t\t\t\t\t<div class=\"elementor-container elementor-column-gap-default\">\n\t\t\t\t\t<div class=\"elementor-column elementor-col-100 elementor-top-column elementor-element elementor-element-e6e7f93\" data-id=\"e6e7f93\" data-element_type=\"column\">\n\t\t\t<div class=\"elementor-widget-wrap elementor-element-populated\">\n\t\t\t\t\t\t<div class=\"elementor-element elementor-element-fbff51c elementor-widget elementor-widget-text-editor\" data-id=\"fbff51c\" data-element_type=\"widget\" data-widget_type=\"text-editor.default\">\n\t\t\t\t<div class=\"elementor-widget-container\">\n\t\t\t\t\t\t\t\t\t<p>Aelfgar Mercian kreivi kuoli vuonna 1062, ja Mercian kreiviksi nousi h\u00e4nen vanhin poikansa Edvin. Harold ja Tostig Godwinsson k\u00e4yttiv\u00e4t Mercian v\u00e4liaikaista heikkoutta hyv\u00e4kseen, ja hy\u00f6kk\u00e4siv\u00e4t kuningas Edvinin luvalla Walesiin vuonna 1062 ja 1063 heikent\u00e4\u00e4kseen Walesia ja Mercian liittoa. Walesin kuningas Gryffyd ap Llywelyn joutui pakosalle, ja h\u00e4nt\u00e4 vastustavat walesilaiset tappoivat h\u00e4net 1064, j\u00e4tt\u00e4en Mercian Edithin leskeksi. Mercian ja Walesin vahva liitto oli tuhottu, mutta Mercialla oli yh\u00e4 yhteyksi\u00e4 Walesin heimoihin.<\/p>\t\t\t\t\t\t\t\t<\/div>\n\t\t\t\t<\/div>\n\t\t\t\t\t<\/div>\n\t\t<\/div>\n\t\t\t\t\t<\/div>\n\t\t<\/section>\n\t\t\t\t<section class=\"elementor-section elementor-top-section elementor-element elementor-element-6d47b88 elementor-section-boxed elementor-section-height-default elementor-section-height-default\" data-id=\"6d47b88\" data-element_type=\"section\">\n\t\t\t\t\t\t<div class=\"elementor-container elementor-column-gap-default\">\n\t\t\t\t\t<div class=\"elementor-column elementor-col-100 elementor-top-column elementor-element elementor-element-50c6512\" data-id=\"50c6512\" data-element_type=\"column\">\n\t\t\t<div class=\"elementor-widget-wrap elementor-element-populated\">\n\t\t\t\t\t\t<div class=\"elementor-element elementor-element-79859bc elementor-widget elementor-widget-text-editor\" data-id=\"79859bc\" data-element_type=\"widget\" data-widget_type=\"text-editor.default\">\n\t\t\t\t<div class=\"elementor-widget-container\">\n\t\t\t\t\t\t\t\t\t<p>Vuonna 1064 Harold Godwinsson haaksirikkoutui Normandian rannikolla. Normandian herttua Vilhelm \u00c4p\u00e4r\u00e4 piti Haroldia vieraanaan, ja Harold osallistui Vilhelmin sotaretkelle Bretagneen. Harold kunnostautui sotatoimissa, ja Vilhelm l\u00f6i h\u00e4net ritariksi ennen kuin Harold palasi Englantiin. Vilhelmin mukaan Harold olisi tuolloin luvannut tukea Vilhelmin vaadetta Englannin kruunuun.<\/p>\t\t\t\t\t\t\t\t<\/div>\n\t\t\t\t<\/div>\n\t\t\t\t\t<\/div>\n\t\t<\/div>\n\t\t\t\t\t<\/div>\n\t\t<\/section>\n\t\t\t\t<section class=\"elementor-section elementor-top-section elementor-element elementor-element-6b11c09 elementor-section-boxed elementor-section-height-default elementor-section-height-default\" data-id=\"6b11c09\" data-element_type=\"section\">\n\t\t\t\t\t\t<div class=\"elementor-container elementor-column-gap-default\">\n\t\t\t\t\t<div class=\"elementor-column elementor-col-100 elementor-top-column elementor-element elementor-element-d757045\" data-id=\"d757045\" data-element_type=\"column\">\n\t\t\t<div class=\"elementor-widget-wrap elementor-element-populated\">\n\t\t\t\t\t\t<div class=\"elementor-element elementor-element-4727b48 elementor-widget elementor-widget-text-editor\" data-id=\"4727b48\" data-element_type=\"widget\" data-widget_type=\"text-editor.default\">\n\t\t\t\t<div class=\"elementor-widget-container\">\n\t\t\t\t\t\t\t\t\t<p>Tostig Godwinsson ei ollut koskaan ollut suosittu Northumbriassa, eik\u00e4 suojellut rajaseutuja tehokkaasti skottien ry\u00f6stelylt\u00e4, koska oli Skotlannin kuningas Malcolm III:n yst\u00e4v\u00e4. Sota Walesissa oli tuplannut verot Northumbriassa, ja sen lis\u00e4ksi Tostig murhasi kaksi northumbrialaista ylimyst\u00e4 heid\u00e4n k\u00e4ydess\u00e4\u00e4n h\u00e4nen luonaan. Vuonna 1065 northumbrialaiset olivat saaneet tarpeekseen. Northumbrialaiset ylimykset nostivat joukkonsa kapinaan, valtasivat Yorkin ja tappoivat Tostigin varusv\u00e4en ja kannattajat. Northumbrialaiset kutsuivat Mercian kreivi Edvinin veljen Morcarin uudeksi kreivikseen.<\/p>\t\t\t\t\t\t\t\t<\/div>\n\t\t\t\t<\/div>\n\t\t\t\t\t<\/div>\n\t\t<\/div>\n\t\t\t\t\t<\/div>\n\t\t<\/section>\n\t\t\t\t<section class=\"elementor-section elementor-top-section elementor-element elementor-element-e9236b0 elementor-section-boxed elementor-section-height-default elementor-section-height-default\" data-id=\"e9236b0\" data-element_type=\"section\">\n\t\t\t\t\t\t<div class=\"elementor-container elementor-column-gap-default\">\n\t\t\t\t\t<div class=\"elementor-column elementor-col-100 elementor-top-column elementor-element elementor-element-6152574\" data-id=\"6152574\" data-element_type=\"column\">\n\t\t\t<div class=\"elementor-widget-wrap elementor-element-populated\">\n\t\t\t\t\t\t<div class=\"elementor-element elementor-element-fc72b02 elementor-widget elementor-widget-text-editor\" data-id=\"fc72b02\" data-element_type=\"widget\" data-widget_type=\"text-editor.default\">\n\t\t\t\t<div class=\"elementor-widget-container\">\n\t\t\t\t\t\t\t\t\t<p>Edvinin ja Morcarin yhdistetty Mercian ja Northumbrian armeija marssi kohti etel\u00e4\u00e4n, mutta se ei kohdannutkaan Edvardin englantilaista armeijaa, vaan neuvottelemaan tulleen Harold Godwinssonin. Harold kuunteli northumbrialaisten valitukset, ja vei asian kuningas Edvardin ja witanin p\u00e4\u00e4tett\u00e4v\u00e4ksi. Kuningas Edvard my\u00f6ntyi kapinallisten vaatimuksiin, ja niin Morcar sai pit\u00e4\u00e4 Northumbrian itsell\u00e4\u00e4n, ja Tostig menetti asemansa ja tuomittiin maanpakoon. T\u00e4m\u00e4 johti Tostigin ja Haroldin ilmiriitaan, jossa Tostig syytti velje\u00e4\u00e4n petoksesta. Harold menetti veljen, mutta sai puolisokseen Edvinin ja Morcarin siskon Edithin (Walesin kuningas Gryffydin lesken) ja tiivisti englantilaisten yhteisrintamaa Normandian Vilhelm \u00c4p\u00e4r\u00e4\u00e4 ja Norjan Harald Ankaraa vastaan.<\/p>\t\t\t\t\t\t\t\t<\/div>\n\t\t\t\t<\/div>\n\t\t\t\t\t<\/div>\n\t\t<\/div>\n\t\t\t\t\t<\/div>\n\t\t<\/section>\n\t\t\t\t<section class=\"elementor-section elementor-top-section elementor-element elementor-element-49089b4 elementor-section-boxed elementor-section-height-default elementor-section-height-default\" data-id=\"49089b4\" data-element_type=\"section\">\n\t\t\t\t\t\t<div class=\"elementor-container elementor-column-gap-default\">\n\t\t\t\t\t<div class=\"elementor-column elementor-col-100 elementor-top-column elementor-element elementor-element-9a548cf\" data-id=\"9a548cf\" data-element_type=\"column\">\n\t\t\t<div class=\"elementor-widget-wrap elementor-element-populated\">\n\t\t\t\t\t\t<div class=\"elementor-element elementor-element-7fcab36 elementor-widget elementor-widget-text-editor\" data-id=\"7fcab36\" data-element_type=\"widget\" data-widget_type=\"text-editor.default\">\n\t\t\t\t<div class=\"elementor-widget-container\">\n\t\t\t\t\t\t\t\t\t<p>Tostig Godwinsson halusi kostaa petolliselle veljelleen Haroldille, h\u00e4nen maansa anastaneille Mercian veljeksille Edvinille ja Morcarille kuin my\u00f6s tuomion antaneelle (h\u00e4nen mielest\u00e4\u00e4n) ep\u00e4oikeudenmukaiselle kuningas Edvardille. Ensin Tostig pakeni Flanderiin appiukkonsa kreivi Baldwin V:n luo ja sai t\u00e4lt\u00e4 pienen laivaston. Sen j\u00e4lkeen Tostig matkasi Normandiaan houkutellakseen Normandian herttua Vilhelm \u00c4p\u00e4r\u00e4n hy\u00f6kk\u00e4\u00e4m\u00e4\u00e4n Englantiin. Normadiasta Tostigin matka jatkui Englannin rannikkoa ry\u00f6stellen kohti pohjoista yst\u00e4v\u00e4ns\u00e4 Skotlannin kuningas Malcolm III:n luo. Skotlannissa Tostig puhui Malcolmin tukemaan hy\u00f6kk\u00e4yst\u00e4 Englantiin ja houkutteli Norjan kuningas Harald Ankaran hy\u00f6kk\u00e4\u00e4m\u00e4\u00e4n Englantiin ja vaatimaan kruunua. Haraldin norjalaislaivaston tullessa Englantiin johti Tostig omat laivansa ja 2000 Malcolmin antamaa skotlantilaista soturia Haraldin lipun alle.<\/p>\t\t\t\t\t\t\t\t<\/div>\n\t\t\t\t<\/div>\n\t\t\t\t\t<\/div>\n\t\t<\/div>\n\t\t\t\t\t<\/div>\n\t\t<\/section>\n\t\t\t\t<section class=\"elementor-section elementor-top-section elementor-element elementor-element-1af4876 elementor-section-boxed elementor-section-height-default elementor-section-height-default\" data-id=\"1af4876\" data-element_type=\"section\">\n\t\t\t\t\t\t<div class=\"elementor-container elementor-column-gap-default\">\n\t\t\t\t\t<div class=\"elementor-column elementor-col-100 elementor-top-column elementor-element elementor-element-e177378\" data-id=\"e177378\" data-element_type=\"column\">\n\t\t\t<div class=\"elementor-widget-wrap elementor-element-populated\">\n\t\t\t\t\t\t<div class=\"elementor-element elementor-element-c9da217 elementor-widget elementor-widget-text-editor\" data-id=\"c9da217\" data-element_type=\"widget\" data-widget_type=\"text-editor.default\">\n\t\t\t\t<div class=\"elementor-widget-container\">\n\t\t\t\t\t\t\t\t\t<p><em>Sota Englannin kruunusta oli alkamassa.<\/em><\/p>\t\t\t\t\t\t\t\t<\/div>\n\t\t\t\t<\/div>\n\t\t\t\t\t<\/div>\n\t\t<\/div>\n\t\t\t\t\t<\/div>\n\t\t<\/section>\n\t\t\t\t<\/div>","protected":false},"excerpt":{"rendered":"<div class=\"entry-summary\">\nTanskalainen Englannin valtaistuimelle (978\u20131016) Herran vuonna 978 Englannin kuninkaaksi nousi kaksitoistavuotias Ethelred II Neuvoton sen j\u00e4lkeen, kun Ethelredin tukijat murhasivat&hellip;\n<\/div>\n<div class=\"link-more\"><a href=\"https:\/\/sotahuuto.fi\/en\/tapahtui-aiemmissa-jaksoissa\/\" class=\"more-link\">Continue reading<span class=\"screen-reader-text\"> &ldquo;Tapahtui aiemmissa jaksoissa&rdquo;<\/span>&hellip;<\/a><\/div>","protected":false},"author":10,"featured_media":0,"parent":0,"menu_order":0,"comment_status":"closed","ping_status":"closed","template":"","meta":{"footnotes":""},"yoast_head":"<!-- This site is optimized with the Yoast SEO plugin v24.5 - https:\/\/yoast.com\/wordpress\/plugins\/seo\/ -->\n<title>Tapahtui aiemmissa jaksoissa - Sotahuuto<\/title>\n<meta name=\"robots\" content=\"index, follow, max-snippet:-1, max-image-preview:large, max-video-preview:-1\" \/>\n<link rel=\"canonical\" href=\"https:\/\/sotahuuto.fi\/en\/tapahtui-aiemmissa-jaksoissa\/\" \/>\n<meta property=\"og:locale\" content=\"en_GB\" \/>\n<meta property=\"og:type\" content=\"article\" \/>\n<meta property=\"og:title\" content=\"Tapahtui aiemmissa jaksoissa - Sotahuuto\" \/>\n<meta property=\"og:description\" content=\"Tanskalainen Englannin valtaistuimelle (978\u20131016) Herran vuonna 978 Englannin kuninkaaksi nousi kaksitoistavuotias Ethelred II Neuvoton sen j\u00e4lkeen, kun Ethelredin tukijat murhasivat&hellip; Continue reading &ldquo;Tapahtui aiemmissa jaksoissa&rdquo;&hellip;\" \/>\n<meta property=\"og:url\" content=\"https:\/\/sotahuuto.fi\/en\/tapahtui-aiemmissa-jaksoissa\/\" \/>\n<meta property=\"og:site_name\" content=\"Sotahuuto\" \/>\n<meta property=\"article:publisher\" content=\"https:\/\/www.facebook.com\/profile.php?id=100054630571001\" \/>\n<meta property=\"article:modified_time\" content=\"2025-05-21T10:34:42+00:00\" \/>\n<meta property=\"og:image\" content=\"https:\/\/sotahuuto.fi\/wp-content\/uploads\/2023\/11\/testi.gif\" \/>\n\t<meta property=\"og:image:width\" content=\"1024\" \/>\n\t<meta property=\"og:image:height\" content=\"614\" \/>\n\t<meta property=\"og:image:type\" content=\"image\/gif\" \/>\n<meta name=\"twitter:card\" content=\"summary_large_image\" \/>\n<meta name=\"twitter:label1\" content=\"Estimated reading time\" \/>\n\t<meta name=\"twitter:data1\" content=\"8 minutes\" \/>\n<script type=\"application\/ld+json\" class=\"yoast-schema-graph\">{\"@context\":\"https:\/\/schema.org\",\"@graph\":[{\"@type\":\"WebPage\",\"@id\":\"https:\/\/sotahuuto.fi\/tapahtui-aiemmissa-jaksoissa\/\",\"url\":\"https:\/\/sotahuuto.fi\/tapahtui-aiemmissa-jaksoissa\/\",\"name\":\"Tapahtui aiemmissa jaksoissa - Sotahuuto\",\"isPartOf\":{\"@id\":\"https:\/\/sotahuuto.fi\/#website\"},\"datePublished\":\"2025-05-21T10:31:24+00:00\",\"dateModified\":\"2025-05-21T10:34:42+00:00\",\"breadcrumb\":{\"@id\":\"https:\/\/sotahuuto.fi\/tapahtui-aiemmissa-jaksoissa\/#breadcrumb\"},\"inLanguage\":\"en-GB\",\"potentialAction\":[{\"@type\":\"ReadAction\",\"target\":[\"https:\/\/sotahuuto.fi\/tapahtui-aiemmissa-jaksoissa\/\"]}]},{\"@type\":\"BreadcrumbList\",\"@id\":\"https:\/\/sotahuuto.fi\/tapahtui-aiemmissa-jaksoissa\/#breadcrumb\",\"itemListElement\":[{\"@type\":\"ListItem\",\"position\":1,\"name\":\"Home\",\"item\":\"https:\/\/sotahuuto.fi\/\"},{\"@type\":\"ListItem\",\"position\":2,\"name\":\"Tapahtui aiemmissa jaksoissa\"}]},{\"@type\":\"WebSite\",\"@id\":\"https:\/\/sotahuuto.fi\/#website\",\"url\":\"https:\/\/sotahuuto.fi\/\",\"name\":\"Sotahuuto\",\"description\":\"10.-12.07.2026 | Rekolan tila, Orivesi\",\"publisher\":{\"@id\":\"https:\/\/sotahuuto.fi\/#organization\"},\"alternateName\":\"SoHu\",\"potentialAction\":[{\"@type\":\"SearchAction\",\"target\":{\"@type\":\"EntryPoint\",\"urlTemplate\":\"https:\/\/sotahuuto.fi\/?s={search_term_string}\"},\"query-input\":{\"@type\":\"PropertyValueSpecification\",\"valueRequired\":true,\"valueName\":\"search_term_string\"}}],\"inLanguage\":\"en-GB\"},{\"@type\":\"Organization\",\"@id\":\"https:\/\/sotahuuto.fi\/#organization\",\"name\":\"Sotahuuto\",\"alternateName\":\"SoHu\",\"url\":\"https:\/\/sotahuuto.fi\/\",\"logo\":{\"@type\":\"ImageObject\",\"inLanguage\":\"en-GB\",\"@id\":\"https:\/\/sotahuuto.fi\/#\/schema\/logo\/image\/\",\"url\":\"https:\/\/sotahuuto.fi\/wp-content\/uploads\/2022\/03\/cropped-cropped2-sotahuuto.jpg\",\"contentUrl\":\"https:\/\/sotahuuto.fi\/wp-content\/uploads\/2022\/03\/cropped-cropped2-sotahuuto.jpg\",\"width\":512,\"height\":512,\"caption\":\"Sotahuuto\"},\"image\":{\"@id\":\"https:\/\/sotahuuto.fi\/#\/schema\/logo\/image\/\"},\"sameAs\":[\"https:\/\/www.facebook.com\/profile.php?id=100054630571001\",\"https:\/\/www.youtube.com\/@sotahuutoboffaustapahtuma4558\"]}]}<\/script>\n<!-- \/ Yoast SEO plugin. -->","yoast_head_json":{"title":"Tapahtui aiemmissa jaksoissa - Sotahuuto","robots":{"index":"index","follow":"follow","max-snippet":"max-snippet:-1","max-image-preview":"max-image-preview:large","max-video-preview":"max-video-preview:-1"},"canonical":"https:\/\/sotahuuto.fi\/en\/tapahtui-aiemmissa-jaksoissa\/","og_locale":"en_GB","og_type":"article","og_title":"Tapahtui aiemmissa jaksoissa - Sotahuuto","og_description":"Tanskalainen Englannin valtaistuimelle (978\u20131016) Herran vuonna 978 Englannin kuninkaaksi nousi kaksitoistavuotias Ethelred II Neuvoton sen j\u00e4lkeen, kun Ethelredin tukijat murhasivat&hellip; Continue reading &ldquo;Tapahtui aiemmissa jaksoissa&rdquo;&hellip;","og_url":"https:\/\/sotahuuto.fi\/en\/tapahtui-aiemmissa-jaksoissa\/","og_site_name":"Sotahuuto","article_publisher":"https:\/\/www.facebook.com\/profile.php?id=100054630571001","article_modified_time":"2025-05-21T10:34:42+00:00","og_image":[{"url":"https:\/\/sotahuuto.fi\/wp-content\/uploads\/2023\/11\/testi.gif","width":1024,"height":614,"type":"image\/gif"}],"twitter_card":"summary_large_image","twitter_misc":{"Estimated reading time":"8 minutes"},"schema":{"@context":"https:\/\/schema.org","@graph":[{"@type":"WebPage","@id":"https:\/\/sotahuuto.fi\/tapahtui-aiemmissa-jaksoissa\/","url":"https:\/\/sotahuuto.fi\/tapahtui-aiemmissa-jaksoissa\/","name":"Tapahtui aiemmissa jaksoissa - Sotahuuto","isPartOf":{"@id":"https:\/\/sotahuuto.fi\/#website"},"datePublished":"2025-05-21T10:31:24+00:00","dateModified":"2025-05-21T10:34:42+00:00","breadcrumb":{"@id":"https:\/\/sotahuuto.fi\/tapahtui-aiemmissa-jaksoissa\/#breadcrumb"},"inLanguage":"en-GB","potentialAction":[{"@type":"ReadAction","target":["https:\/\/sotahuuto.fi\/tapahtui-aiemmissa-jaksoissa\/"]}]},{"@type":"BreadcrumbList","@id":"https:\/\/sotahuuto.fi\/tapahtui-aiemmissa-jaksoissa\/#breadcrumb","itemListElement":[{"@type":"ListItem","position":1,"name":"Home","item":"https:\/\/sotahuuto.fi\/"},{"@type":"ListItem","position":2,"name":"Tapahtui aiemmissa jaksoissa"}]},{"@type":"WebSite","@id":"https:\/\/sotahuuto.fi\/#website","url":"https:\/\/sotahuuto.fi\/","name":"Sotahuuto, \"War cry\",","description":"10.-12.07.2026 | Rekolan tila, Orivesi","publisher":{"@id":"https:\/\/sotahuuto.fi\/#organization"},"alternateName":"SoHu","potentialAction":[{"@type":"SearchAction","target":{"@type":"EntryPoint","urlTemplate":"https:\/\/sotahuuto.fi\/?s={search_term_string}"},"query-input":{"@type":"PropertyValueSpecification","valueRequired":true,"valueName":"search_term_string"}}],"inLanguage":"en-GB"},{"@type":"Organization","@id":"https:\/\/sotahuuto.fi\/#organization","name":"Sotahuuto, \"War cry\",","alternateName":"SoHu","url":"https:\/\/sotahuuto.fi\/","logo":{"@type":"ImageObject","inLanguage":"en-GB","@id":"https:\/\/sotahuuto.fi\/#\/schema\/logo\/image\/","url":"https:\/\/sotahuuto.fi\/wp-content\/uploads\/2022\/03\/cropped-cropped2-sotahuuto.jpg","contentUrl":"https:\/\/sotahuuto.fi\/wp-content\/uploads\/2022\/03\/cropped-cropped2-sotahuuto.jpg","width":512,"height":512,"caption":"Sotahuuto"},"image":{"@id":"https:\/\/sotahuuto.fi\/#\/schema\/logo\/image\/"},"sameAs":["https:\/\/www.facebook.com\/profile.php?id=100054630571001","https:\/\/www.youtube.com\/@sotahuutoboffaustapahtuma4558"]}]}},"jetpack_sharing_enabled":true,"_links":{"self":[{"href":"https:\/\/sotahuuto.fi\/en\/wp-json\/wp\/v2\/pages\/5252"}],"collection":[{"href":"https:\/\/sotahuuto.fi\/en\/wp-json\/wp\/v2\/pages"}],"about":[{"href":"https:\/\/sotahuuto.fi\/en\/wp-json\/wp\/v2\/types\/page"}],"author":[{"embeddable":true,"href":"https:\/\/sotahuuto.fi\/en\/wp-json\/wp\/v2\/users\/10"}],"replies":[{"embeddable":true,"href":"https:\/\/sotahuuto.fi\/en\/wp-json\/wp\/v2\/comments?post=5252"}],"version-history":[{"count":7,"href":"https:\/\/sotahuuto.fi\/en\/wp-json\/wp\/v2\/pages\/5252\/revisions"}],"predecessor-version":[{"id":5263,"href":"https:\/\/sotahuuto.fi\/en\/wp-json\/wp\/v2\/pages\/5252\/revisions\/5263"}],"wp:attachment":[{"href":"https:\/\/sotahuuto.fi\/en\/wp-json\/wp\/v2\/media?parent=5252"}],"curies":[{"name":"wp","href":"https:\/\/api.w.org\/{rel}","templated":true}]}}